{"id":2318,"date":"2023-09-20T14:04:07","date_gmt":"2023-09-20T14:04:07","guid":{"rendered":"https:\/\/serviciosganaderosmillan.es\/?page_id=2318"},"modified":"2023-10-02T09:43:28","modified_gmt":"2023-10-02T09:43:28","slug":"accesibilidad-web","status":"publish","type":"page","link":"https:\/\/serviciosganaderosmillan.es\/index.php\/accesibilidad-web\/","title":{"rendered":"Accesibilidad Web"},"content":{"rendered":"<section class=\"wpb-content-wrapper\"><p>[vc_row][vc_column][vc_empty_space][\/vc_column][\/vc_row][vc_row css=\u00bb.vc_custom_1696239775965{padding-right: 10% !important;padding-left: 10% !important;}\u00bb][vc_column][vc_column_text]<strong>DECLARACI\u00d3N DE ACCESIBILIDAD<\/strong><\/p>\r\n<p>\u00a0<\/p>\r\n\r\n<ul class=\"wp-block-list\">\r\n<li style=\"list-style-type: none;\">\r\n<ul>\r\n<li><strong>Declaraci\u00f3n de accesibilidad<\/strong><\/li>\r\n<\/ul>\r\n<\/li>\r\n<\/ul>\r\n\r\n<p>\r\n\r\nLa Agencia Espa\u00f1ola de Protecci\u00f3n de Datos se ha comprometido a hacer accesibles sus sitios web\u00a0de conformidad con el\u00a0<a href=\"https:\/\/www.boe.es\/buscar\/act.php?id=BOE-A-2018-12699\" target=\"_blank\" rel=\"noreferrer noopener\"><strong>Real Decreto 1112\/2018, de 7 de septiembre, sobre accesibilidad de los sitios web y aplicaciones para dispositivos m\u00f3viles del sector p\u00fablico<\/strong><\/a>.\u00a0 <a href=\"https:\/\/www.boe.es\/buscar\/act.php?id=BOE-A-2018-12699\">https:\/\/www.boe.es\/buscar\/act.php?id=BOE-A-2018-12699<\/a><\/p>\r\n<p>\r\n\r\n<strong>SITUACI\u00d3N DE CUMPLIMIENTO<\/strong><\/p>\r\n<p>\r\n\r\nEste sitio web es\u00a0<strong>parcialmente conforme<\/strong>\u00a0con el\u00a0<a href=\"https:\/\/www.boe.es\/diario_boe\/txt.php?id=BOE-A-2018-12699\" target=\"_blank\" rel=\"noreferrer noopener\"><strong>RD 1112\/2018<\/strong><\/a> <a href=\"https:\/\/www.boe.es\/diario_boe\/txt.php?id=BOE-A-2018-12699\">https:\/\/www.boe.es\/diario_boe\/txt.php?id=BOE-A-2018-12699<\/a> \u00a0debido a las excepciones y a la falta de conformidad de los aspectos que se indican a continuaci\u00f3n.<\/p>\r\n<p>\r\n\r\n<strong>CONTENIDO NO ACCESIBLE<\/strong><\/p>\r\n<p>\r\n\r\nEl contenido que se recoge a continuaci\u00f3n no es accesible por lo siguiente:<\/p>\r\n<p>\u00a0<\/p>\r\n\r\n<ul class=\"wp-block-list\">\r\n<li style=\"list-style-type: none;\">\r\n<ul>\r\n<li><strong>Falta de conformidad con el RD 1112\/2018:<\/strong>\r\n<ul>\r\n<li>En el portal pueden existir contenidos en otros idiomas en los que no est\u00e1 etiquetado correctamente el cambio de idioma<\/li>\r\n<\/ul>\r\n<ul>\r\n<li>Los elementos multimedia solo audio no tienen alternativa<\/li>\r\n<\/ul>\r\n<ul>\r\n<li>Existen v\u00eddeos sin subt\u00edtulos<\/li>\r\n<\/ul>\r\n<ul>\r\n<li>Hay contenido textual sin un contraste suficiente<\/li>\r\n<\/ul>\r\n<ul>\r\n<li>Se observa como en algunos casos el foco no cumple con el m\u00ednimo ratio de contraste requerido<\/li>\r\n<\/ul>\r\n<ul>\r\n<li>En alg\u00fan caso puede producirse solapamiento de contenido<\/li>\r\n<\/ul>\r\n\r\n<ul class=\"wp-block-list\">\r\n<li style=\"list-style-type: none;\">\r\n<ul>\r\n<li>Existen documentos PDF con problemas de accesibilidad<\/li>\r\n<\/ul>\r\n<\/li>\r\n<\/ul>\r\n\r\n<p><\/p>\r\n<\/li>\r\n\r\n\r\n\r\n<li><strong>Carga desproporcionada:<\/strong><\/li>\r\n<\/ul>\r\n<\/li>\r\n<\/ul>\r\n\r\n<p>\r\n\r\n\u00a0 \u00a0 \u00a0 \u00a0 \u00a0 No aplica.<\/p>\r\n<p>\u00a0<\/p>\r\n\r\n<ul class=\"wp-block-list\">\r\n<li style=\"list-style-type: none;\">\r\n<ul>\r\n<li><strong>Contenido no entra dentro del \u00e1mbito de la legislaci\u00f3n aplicable:<\/strong><\/li>\r\n<\/ul>\r\n<\/li>\r\n<\/ul>\r\n\r\n<p>\r\n\r\n\u00a0 \u00a0 \u00a0 \u00a0 \u00a0 Pueden existir documentos en formato\u00a0PDF\u00a0publicados antes del 20 de septiembre de 2018 que no cumplan en su totalidad todos los requisitos de accesibilidad.<\/p>\r\n<p>\r\n\r\n<strong>PREPARACI\u00d3N DE LA PRESENTE DECLARACI\u00d3N DE ACCESIBILIDAD<\/strong><\/p>\r\n<p>\r\n\r\nLa presente declaraci\u00f3n fue preparada el 22 de marzo de 2023.<\/p>\r\n<p>\r\n\r\nEl m\u00e9todo empleado para la presente declaraci\u00f3n ha sido una autoevaluaci\u00f3n realizada por la propia Agencia con el soporte de la\u00a0<a href=\"https:\/\/herramienta-ira.administracionelectronica.gob.es\/#!\/\" target=\"_blank\" rel=\"noreferrer noopener\"><strong>Herramienta IRA (Informe de Revisi\u00f3n de Accesibilidad)<\/strong><\/a>\u00a0<a href=\"https:\/\/herramienta-ira.administracionelectronica.gob.es\/#!\/\">https:\/\/herramienta-ira.administracionelectronica.gob.es\/#!\/<\/a> del Observatorio de Accesibilidad.<\/p>\r\n<p>\r\n\r\n\u00daltima revisi\u00f3n de la declaraci\u00f3n: 22 de marzo de 2023<\/p>\r\n<p>\r\n\r\n<strong>OBSERVACIONES Y DATOS DE CONTACTO<\/strong><\/p>\r\n<p>\u00a0<\/p>\r\n\r\n<ul class=\"wp-block-list\">\r\n<li style=\"list-style-type: none;\">\r\n<ul>\r\n<li><strong>Comunicaciones sobre requisitos de accesibilidad<\/strong><\/li>\r\n<\/ul>\r\n<\/li>\r\n<\/ul>\r\n\r\n<p>\r\n\r\nPuede realizar\u00a0comunicaciones\u00a0sobre requisitos de accesibilidad (art\u00edculo 10.2.a del RD 1112\/2018) como, por ejemplo:<\/p>\r\n<p>\u00a0<\/p>\r\n\r\n<ul class=\"wp-block-list\">\r\n<li style=\"list-style-type: none;\">\r\n<ul>\r\n<li><strong>informar sobre cualquier posible incumplimiento por parte de este sitio web<\/strong><\/li>\r\n\r\n\r\n\r\n<li><strong>transmitir otras\u00a0dificultades de acceso\u00a0al contenido<\/strong><\/li>\r\n\r\n\r\n\r\n<li><strong>formular cualquier otra\u00a0consulta o sugerencia de mejora\u00a0relativa a la accesibilidad del sitio web<\/strong><\/li>\r\n<\/ul>\r\n<\/li>\r\n<\/ul>\r\n\r\n<p>\r\n\r\na trav\u00e9s del\u00a0<a href=\"https:\/\/sedeagpd.gob.es\/sede-electronica-web\/vistas\/formQuejasSugerencias\/formRequisitosAccesibilidad.jsf\" target=\"_blank\" rel=\"noreferrer noopener\"><strong>formulario de contacto sobre requisitos de accesibilidad<\/strong><\/a>\u00a0 <a href=\"https:\/\/sedeagpd.gob.es\/sede-electronica-web\/vistas\/formQuejasSugerencias\/accesible_quejas.jsf\">https:\/\/sedeagpd.gob.es\/sede-electronica-web\/vistas\/formQuejasSugerencias\/accesible_quejas.jsf<\/a> designado a tal efecto en la sede electr\u00f3nica de la Agencia.<\/p>\r\n<p>\r\n\r\nLas comunicaciones ser\u00e1n recibidas y tratadas por la Unidad Responsable de Accesibilidad de la Subdirecci\u00f3n General de Promoci\u00f3n y Autorizaciones.<\/p>\r\n<p>\u00a0<\/p>\r\n\r\n<ul class=\"wp-block-list\">\r\n<li style=\"list-style-type: none;\">\r\n<ul>\r\n<li><strong>Solicitudes de informaci\u00f3n accesible y quejas<\/strong><\/li>\r\n<\/ul>\r\n<\/li>\r\n<\/ul>\r\n\r\n<p>\r\n\r\nA trav\u00e9s del\u00a0<a href=\"https:\/\/sedeagpd.gob.es\/sede-electronica-web\/vistas\/formQuejasSugerencias\/accesible_quejas.jsf\" target=\"_blank\" rel=\"noreferrer noopener\"><strong>formulario de solicitudes de informaci\u00f3n accesible y de quejas en materia de quejas de accesibilidad<\/strong><\/a>\u00a0puede presentar:<\/p>\r\n<p>\u00a0<\/p>\r\n\r\n<ul class=\"wp-block-list\">\r\n<li style=\"list-style-type: none;\">\r\n<ul>\r\n<li><strong>una Queja relativa al cumplimiento de los requisitos del RD 1112\/2018 o<\/strong><\/li>\r\n\r\n\r\n\r\n<li><strong>una Solicitud de Informaci\u00f3n accesible relativa a:<\/strong>\r\n<ul>\r\n<li>contenidos que est\u00e1n excluidos del \u00e1mbito de aplicaci\u00f3n del RD 1112\/2018 seg\u00fan lo establecido por el art\u00edculo 3, apartado 4<\/li>\r\n<\/ul>\r\n\r\n<ul class=\"wp-block-list\">\r\n<li style=\"list-style-type: none;\">\r\n<ul>\r\n<li>contenidos que est\u00e1n exentos del cumplimiento de los requisitos de accesibilidad por imponer una carga desproporcionada.<\/li>\r\n<\/ul>\r\n<\/li>\r\n<\/ul>\r\n\r\n<p><\/p>\r\n<\/li>\r\n<\/ul>\r\n<\/li>\r\n<\/ul>\r\n\r\n<p>\r\n\r\nEn la Solicitud de informaci\u00f3n accesible, se debe concretar, con toda claridad, los hechos, razones y petici\u00f3n que permitan constatar que se trata de una solicitud razonable y leg\u00edtima.<\/p>\r\n<p>\r\n\r\n<strong>PROCEDIMIENTO DE APLICACI\u00d3N<\/strong><\/p>\r\n<p>\r\n\r\nSi una vez realizada una solicitud de informaci\u00f3n accesible o queja, \u00e9sta hubiera sido desestimada, no se estuviera de acuerdo con la decisi\u00f3n adoptada, o la respuesta no cumpliera los requisitos contemplados en el art\u00edculo 12.5 del RD 1112\/2018, la persona interesada podr\u00e1 iniciar una reclamaci\u00f3n. Igualmente se podr\u00e1 iniciar una reclamaci\u00f3n en el caso de no haber obtenido respuesta.<\/p>\r\n<p>\r\n\r\nEl procedimiento reclamaci\u00f3n recogido en el art\u00edculo 13 del RD 1112\/2018, puede iniciarse a trav\u00e9s de\u00a0<a href=\"https:\/\/sedeagpd.gob.es\/sede-electronica-web\/vistas\/formProcedimientoEntrada\/procedimientoEntradaAmpliado.jsf\" target=\"_blank\" rel=\"noreferrer noopener\"><strong>este enlace<\/strong><\/a>. <a href=\"https:\/\/sedeagpd.gob.es\/sede-electronica-web\/vistas\/formProcedimientoEntrada\/procedimientoEntradaAmpliado.jsf\">https:\/\/sedeagpd.gob.es\/sede-electronica-web\/vistas\/formProcedimientoEntrada\/procedimientoEntradaAmpliado.jsf<\/a><\/p>\r\n<p>\r\n\r\n<strong>CONTENIDO OPCIONAL<\/strong><\/p>\r\n<p>\r\n\r\nEl sitio web:<\/p>\r\n<p>\u00a0<\/p>\r\n\r\n<ul class=\"wp-block-list\">\r\n<li style=\"list-style-type: none;\">\r\n<ul>\r\n<li>se ha dise\u00f1ado adapt\u00e1ndose a los est\u00e1ndares y normativas vigentes con relaci\u00f3n a la accesibilidad, cumpliendo con los puntos de verificaci\u00f3n de prioridad 2 (AA) definidos en la especificaci\u00f3n de Pautas de Accesibilidad al Contenido en la Web (WCAG 2.1)<\/li>\r\n\r\n\r\n\r\n<li>est\u00e1 optimizado para las \u00faltimas versiones vigentes de Chrome, Edge, Firefox, Safari y Opera<\/li>\r\n\r\n\r\n\r\n<li>est\u00e1 dise\u00f1ado para su correcta visualizaci\u00f3n en cualquier resoluci\u00f3n y dispositivo de escritorio, tabletas o m\u00f3viles\u00a0(dise\u00f1o\u00a0<em>responsive<\/em>)<\/li>\r\n\r\n\r\n\r\n<li>se ha realizado utilizando HTML5 como lenguaje de marcado y hojas de estilo CSS 3 para su dise\u00f1o<\/li>\r\n<\/ul>\r\n<\/li>\r\n<\/ul>\r\n\r\n<p>\r\n\r\nAdem\u00e1s, se realiza un trabajo continuo de auditor\u00eda y revisi\u00f3n de contenidos para facilitar su interpretaci\u00f3n y mejorar la navegaci\u00f3n por el portal web.<\/p>\r\n<p>[\/vc_column_text][\/vc_column][\/vc_row]<\/p><\/section>","protected":false},"excerpt":{"rendered":"[vc_row][vc_column][vc_empty_space][\/vc_column][\/vc_row][vc_row css=\u00bb.vc_custom_1696239775965{padding-right: 10% !important;padding-left: 10% !important;}\u00bb][vc_column][vc_column_text]DECLARACI\u00d3N DE ACCESIBILIDAD \u00a0 La Agencia Espa\u00f1ola de Protecci\u00f3n de Datos se ha comprometido a hacer accesibles sus sitios web\u00a0de conformidad con el\u00a0Real Decreto 1112\/2018, de 7 de septiembre, sobre accesibilidad de los sitios web y aplicaciones para dispositivos m\u00f3viles del sector p\u00fablico.\u00a0 https:\/\/www.boe.es\/buscar\/act.php?id=BOE-A-2018-12699 SITUACI\u00d3N DE CUMPLIMIENTO Este sitio web [&hellip;]","protected":false},"author":1,"featured_media":0,"parent":0,"menu_order":0,"comment_status":"closed","ping_status":"closed","template":"","meta":{"inline_featured_image":false,"footnotes":""},"class_list":["post-2318","page","type-page","status-publish","hentry"],"yoast_head":"<!-- This site is optimized with the Yoast SEO plugin v25.6 - https:\/\/yoast.com\/wordpress\/plugins\/seo\/ -->\n<title>Accesibilidad Web - SERVICIOS GANADEROS MILL\u00c1N<\/title>\n<meta name=\"robots\" content=\"index, follow, max-snippet:-1, max-image-preview:large, max-video-preview:-1\" \/>\n<link rel=\"canonical\" href=\"https:\/\/serviciosganaderosmillan.es\/index.php\/accesibilidad-web\/\" \/>\n<meta property=\"og:locale\" content=\"es_ES\" \/>\n<meta property=\"og:type\" content=\"article\" \/>\n<meta property=\"og:title\" content=\"Accesibilidad Web - SERVICIOS GANADEROS MILL\u00c1N\" \/>\n<meta property=\"og:description\" content=\"[vc_row][vc_column][vc_empty_space][\/vc_column][\/vc_row][vc_row css=\u00bb.vc_custom_1696239775965{padding-right: 10% !important;padding-left: 10% !important;}\u00bb][vc_column][vc_column_text]DECLARACI\u00d3N DE ACCESIBILIDAD \u00a0 La Agencia Espa\u00f1ola de Protecci\u00f3n de Datos se ha comprometido a hacer accesibles sus sitios web\u00a0de conformidad con el\u00a0Real Decreto 1112\/2018, de 7 de septiembre, sobre accesibilidad de los sitios web y aplicaciones para dispositivos m\u00f3viles del sector p\u00fablico.\u00a0 https:\/\/www.boe.es\/buscar\/act.php?id=BOE-A-2018-12699 SITUACI\u00d3N DE CUMPLIMIENTO Este sitio web [&hellip;]\" \/>\n<meta property=\"og:url\" content=\"https:\/\/serviciosganaderosmillan.es\/index.php\/accesibilidad-web\/\" \/>\n<meta property=\"og:site_name\" content=\"SERVICIOS GANADEROS MILL\u00c1N\" \/>\n<meta property=\"article:modified_time\" content=\"2023-10-02T09:43:28+00:00\" \/>\n<meta name=\"twitter:card\" content=\"summary_large_image\" \/>\n<meta name=\"twitter:label1\" content=\"Tiempo de lectura\" \/>\n\t<meta name=\"twitter:data1\" content=\"4 minutos\" \/>\n<script type=\"application\/ld+json\" class=\"yoast-schema-graph\">{\"@context\":\"https:\/\/schema.org\",\"@graph\":[{\"@type\":\"WebPage\",\"@id\":\"https:\/\/serviciosganaderosmillan.es\/index.php\/accesibilidad-web\/\",\"url\":\"https:\/\/serviciosganaderosmillan.es\/index.php\/accesibilidad-web\/\",\"name\":\"Accesibilidad Web - SERVICIOS GANADEROS MILL\u00c1N\",\"isPartOf\":{\"@id\":\"https:\/\/serviciosganaderosmillan.es\/#website\"},\"datePublished\":\"2023-09-20T14:04:07+00:00\",\"dateModified\":\"2023-10-02T09:43:28+00:00\",\"breadcrumb\":{\"@id\":\"https:\/\/serviciosganaderosmillan.es\/index.php\/accesibilidad-web\/#breadcrumb\"},\"inLanguage\":\"es\",\"potentialAction\":[{\"@type\":\"ReadAction\",\"target\":[\"https:\/\/serviciosganaderosmillan.es\/index.php\/accesibilidad-web\/\"]}]},{\"@type\":\"BreadcrumbList\",\"@id\":\"https:\/\/serviciosganaderosmillan.es\/index.php\/accesibilidad-web\/#breadcrumb\",\"itemListElement\":[{\"@type\":\"ListItem\",\"position\":1,\"name\":\"Portada\",\"item\":\"https:\/\/serviciosganaderosmillan.es\/\"},{\"@type\":\"ListItem\",\"position\":2,\"name\":\"Accesibilidad Web\"}]},{\"@type\":\"WebSite\",\"@id\":\"https:\/\/serviciosganaderosmillan.es\/#website\",\"url\":\"https:\/\/serviciosganaderosmillan.es\/\",\"name\":\"SERVICIOS GANADEROS MILL\u00c1N\",\"description\":\"\",\"publisher\":{\"@id\":\"https:\/\/serviciosganaderosmillan.es\/#organization\"},\"potentialAction\":[{\"@type\":\"SearchAction\",\"target\":{\"@type\":\"EntryPoint\",\"urlTemplate\":\"https:\/\/serviciosganaderosmillan.es\/?s={search_term_string}\"},\"query-input\":{\"@type\":\"PropertyValueSpecification\",\"valueRequired\":true,\"valueName\":\"search_term_string\"}}],\"inLanguage\":\"es\"},{\"@type\":\"Organization\",\"@id\":\"https:\/\/serviciosganaderosmillan.es\/#organization\",\"name\":\"SERVICIOS GANADEROS MILL\u00c1N\",\"url\":\"https:\/\/serviciosganaderosmillan.es\/\",\"logo\":{\"@type\":\"ImageObject\",\"inLanguage\":\"es\",\"@id\":\"https:\/\/serviciosganaderosmillan.es\/#\/schema\/logo\/image\/\",\"url\":\"https:\/\/serviciosganaderosmillan.es\/wp-content\/uploads\/2023\/09\/logo_1.png\",\"contentUrl\":\"https:\/\/serviciosganaderosmillan.es\/wp-content\/uploads\/2023\/09\/logo_1.png\",\"width\":202,\"height\":62,\"caption\":\"SERVICIOS GANADEROS MILL\u00c1N\"},\"image\":{\"@id\":\"https:\/\/serviciosganaderosmillan.es\/#\/schema\/logo\/image\/\"}}]}<\/script>\n<!-- \/ Yoast SEO plugin. -->","yoast_head_json":{"title":"Accesibilidad Web - SERVICIOS GANADEROS MILL\u00c1N","robots":{"index":"index","follow":"follow","max-snippet":"max-snippet:-1","max-image-preview":"max-image-preview:large","max-video-preview":"max-video-preview:-1"},"canonical":"https:\/\/serviciosganaderosmillan.es\/index.php\/accesibilidad-web\/","og_locale":"es_ES","og_type":"article","og_title":"Accesibilidad Web - SERVICIOS GANADEROS MILL\u00c1N","og_description":"[vc_row][vc_column][vc_empty_space][\/vc_column][\/vc_row][vc_row css=\u00bb.vc_custom_1696239775965{padding-right: 10% !important;padding-left: 10% !important;}\u00bb][vc_column][vc_column_text]DECLARACI\u00d3N DE ACCESIBILIDAD \u00a0 La Agencia Espa\u00f1ola de Protecci\u00f3n de Datos se ha comprometido a hacer accesibles sus sitios web\u00a0de conformidad con el\u00a0Real Decreto 1112\/2018, de 7 de septiembre, sobre accesibilidad de los sitios web y aplicaciones para dispositivos m\u00f3viles del sector p\u00fablico.\u00a0 https:\/\/www.boe.es\/buscar\/act.php?id=BOE-A-2018-12699 SITUACI\u00d3N DE CUMPLIMIENTO Este sitio web [&hellip;]","og_url":"https:\/\/serviciosganaderosmillan.es\/index.php\/accesibilidad-web\/","og_site_name":"SERVICIOS GANADEROS MILL\u00c1N","article_modified_time":"2023-10-02T09:43:28+00:00","twitter_card":"summary_large_image","twitter_misc":{"Tiempo de lectura":"4 minutos"},"schema":{"@context":"https:\/\/schema.org","@graph":[{"@type":"WebPage","@id":"https:\/\/serviciosganaderosmillan.es\/index.php\/accesibilidad-web\/","url":"https:\/\/serviciosganaderosmillan.es\/index.php\/accesibilidad-web\/","name":"Accesibilidad Web - SERVICIOS GANADEROS MILL\u00c1N","isPartOf":{"@id":"https:\/\/serviciosganaderosmillan.es\/#website"},"datePublished":"2023-09-20T14:04:07+00:00","dateModified":"2023-10-02T09:43:28+00:00","breadcrumb":{"@id":"https:\/\/serviciosganaderosmillan.es\/index.php\/accesibilidad-web\/#breadcrumb"},"inLanguage":"es","potentialAction":[{"@type":"ReadAction","target":["https:\/\/serviciosganaderosmillan.es\/index.php\/accesibilidad-web\/"]}]},{"@type":"BreadcrumbList","@id":"https:\/\/serviciosganaderosmillan.es\/index.php\/accesibilidad-web\/#breadcrumb","itemListElement":[{"@type":"ListItem","position":1,"name":"Portada","item":"https:\/\/serviciosganaderosmillan.es\/"},{"@type":"ListItem","position":2,"name":"Accesibilidad Web"}]},{"@type":"WebSite","@id":"https:\/\/serviciosganaderosmillan.es\/#website","url":"https:\/\/serviciosganaderosmillan.es\/","name":"SERVICIOS GANADEROS MILL\u00c1N","description":"","publisher":{"@id":"https:\/\/serviciosganaderosmillan.es\/#organization"},"potentialAction":[{"@type":"SearchAction","target":{"@type":"EntryPoint","urlTemplate":"https:\/\/serviciosganaderosmillan.es\/?s={search_term_string}"},"query-input":{"@type":"PropertyValueSpecification","valueRequired":true,"valueName":"search_term_string"}}],"inLanguage":"es"},{"@type":"Organization","@id":"https:\/\/serviciosganaderosmillan.es\/#organization","name":"SERVICIOS GANADEROS MILL\u00c1N","url":"https:\/\/serviciosganaderosmillan.es\/","logo":{"@type":"ImageObject","inLanguage":"es","@id":"https:\/\/serviciosganaderosmillan.es\/#\/schema\/logo\/image\/","url":"https:\/\/serviciosganaderosmillan.es\/wp-content\/uploads\/2023\/09\/logo_1.png","contentUrl":"https:\/\/serviciosganaderosmillan.es\/wp-content\/uploads\/2023\/09\/logo_1.png","width":202,"height":62,"caption":"SERVICIOS GANADEROS MILL\u00c1N"},"image":{"@id":"https:\/\/serviciosganaderosmillan.es\/#\/schema\/logo\/image\/"}}]}},"_links":{"self":[{"href":"https:\/\/serviciosganaderosmillan.es\/index.php\/wp-json\/wp\/v2\/pages\/2318","targetHints":{"allow":["GET"]}}],"collection":[{"href":"https:\/\/serviciosganaderosmillan.es\/index.php\/wp-json\/wp\/v2\/pages"}],"about":[{"href":"https:\/\/serviciosganaderosmillan.es\/index.php\/wp-json\/wp\/v2\/types\/page"}],"author":[{"embeddable":true,"href":"https:\/\/serviciosganaderosmillan.es\/index.php\/wp-json\/wp\/v2\/users\/1"}],"replies":[{"embeddable":true,"href":"https:\/\/serviciosganaderosmillan.es\/index.php\/wp-json\/wp\/v2\/comments?post=2318"}],"version-history":[{"count":5,"href":"https:\/\/serviciosganaderosmillan.es\/index.php\/wp-json\/wp\/v2\/pages\/2318\/revisions"}],"predecessor-version":[{"id":2416,"href":"https:\/\/serviciosganaderosmillan.es\/index.php\/wp-json\/wp\/v2\/pages\/2318\/revisions\/2416"}],"wp:attachment":[{"href":"https:\/\/serviciosganaderosmillan.es\/index.php\/wp-json\/wp\/v2\/media?parent=2318"}],"curies":[{"name":"wp","href":"https:\/\/api.w.org\/{rel}","templated":true}]}}